{"id":458,"date":"2024-03-14T16:23:38","date_gmt":"2024-03-14T15:23:38","guid":{"rendered":"https:\/\/mengaud.com\/fr\/?page_id=458"},"modified":"2024-06-09T08:37:20","modified_gmt":"2024-06-09T07:37:20","slug":"declaration-de-confidentialite","status":"publish","type":"page","link":"https:\/\/mengaud.com\/fr\/declaration-de-confidentialite\/","title":{"rendered":"D\u00e9claration de confidentialit\u00e9"},"content":{"rendered":"<p><div id='sub_menu1'  class='av-submenu-container av-3n16a-663af661e5759ae44cb26e186d2cc588 header_color av-switch-768  avia-builder-el-0  el_before_av_section  avia-builder-el-first  container_wrap fullsize' style='z-index:301' ><div class='container av-menu-mobile-active av-submenu-pos-center'><a href=\"#\" class=\"mobile_menu_toggle\"><span class='avia-svg-icon avia-font-svg_entypo-fontello' data-av_svg_icon='list' data-av_iconset='svg_entypo-fontello'><svg version=\"1.1\" xmlns=\"http:\/\/www.w3.org\/2000\/svg\" width=\"22\" height=\"32\" viewBox=\"0 0 22 32\" preserveAspectRatio=\"xMidYMid meet\" aria-labelledby='av-svg-title-1' aria-describedby='av-svg-desc-1' role=\"graphics-symbol\" aria-hidden=\"true\">\n<title id='av-svg-title-1'>List<\/title>\n<desc id='av-svg-desc-1'>List<\/desc>\n<path d=\"M3.2 20.8q0.64 0 1.12 0.48t0.48 1.12-0.48 1.12-1.12 0.48h-1.6q-0.64 0-1.12-0.48t-0.48-1.12 0.448-1.12 1.152-0.48h1.6zM3.2 14.4q0.64 0 1.12 0.48t0.48 1.12-0.48 1.12-1.12 0.48h-1.6q-0.64 0-1.12-0.48t-0.48-1.12 0.448-1.12 1.152-0.48h1.6zM3.2 8q0.64 0 1.12 0.48t0.48 1.12-0.48 1.12-1.12 0.48h-1.6q-0.64 0-1.12-0.48t-0.48-1.12 0.448-1.12 1.152-0.48h1.6zM9.6 11.2q-0.64 0-1.12-0.48t-0.48-1.12 0.48-1.12 1.12-0.48h11.2q0.704 0 1.152 0.48t0.448 1.12-0.48 1.12-1.12 0.48h-11.2zM20.8 14.4q0.704 0 1.152 0.48t0.448 1.12-0.48 1.12-1.12 0.48h-11.2q-0.64 0-1.12-0.48t-0.48-1.12 0.48-1.12 1.12-0.48h11.2zM20.8 20.8q0.704 0 1.152 0.48t0.448 1.12-0.48 1.12-1.12 0.48h-11.2q-0.64 0-1.12-0.48t-0.48-1.12 0.48-1.12 1.12-0.48h11.2z\"><\/path>\n<\/svg><\/span><span class=\"av-current-placeholder\">Menu<\/span><\/a><ul id=\"menu-hoofdmenu\" class=\"av-subnav-menu\" role=\"menu\"><li role=\"menuitem\" id=\"menu-item-318\" class=\"menu-item menu-item-type-custom menu-item-object-custom menu-item-has-children menu-item-top-level menu-item-top-level-1\"><a href=\"#\" itemprop=\"url\" tabindex=\"0\"><span class=\"avia-bullet\"><\/span><span class=\"avia-menu-text\">A propos<\/span><span class=\"avia-menu-fx\"><span class=\"avia-arrow-wrap\"><span class=\"avia-arrow\"><\/span><\/span><\/span><\/a>\n\n\n<ul class=\"sub-menu\">\n\t<li role=\"menuitem\" id=\"menu-item-38\" class=\"menu-item menu-item-type-post_type menu-item-object-page\"><a href=\"https:\/\/mengaud.com\/fr\/le-domaine\/\" itemprop=\"url\" tabindex=\"0\"><span class=\"avia-bullet\"><\/span><span class=\"avia-menu-text\">Le domaine<\/span><\/a><\/li>\n\t<li role=\"menuitem\" id=\"menu-item-39\" class=\"menu-item menu-item-type-post_type menu-item-object-page\"><a href=\"https:\/\/mengaud.com\/fr\/realisation\/\" itemprop=\"url\" tabindex=\"0\"><span class=\"avia-bullet\"><\/span><span class=\"avia-menu-text\">La r\u00e9alisation<\/span><\/a><\/li>\n\t<li role=\"menuitem\" id=\"menu-item-44\" class=\"menu-item menu-item-type-post_type menu-item-object-page\"><a href=\"https:\/\/mengaud.com\/fr\/alentours\/\" itemprop=\"url\" tabindex=\"0\"><span class=\"avia-bullet\"><\/span><span class=\"avia-menu-text\">Alentours et activit\u00e9s<\/span><\/a><\/li>\n<\/ul>\n<\/li>\n<li role=\"menuitem\" id=\"menu-item-40\" class=\"menu-item menu-item-type-custom menu-item-object-custom menu-item-has-children menu-item-top-level menu-item-top-level-2\"><a href=\"#\" itemprop=\"url\" tabindex=\"0\"><span class=\"avia-bullet\"><\/span><span class=\"avia-menu-text\">G\u00eetes<\/span><span class=\"avia-menu-fx\"><span class=\"avia-arrow-wrap\"><span class=\"avia-arrow\"><\/span><\/span><\/span><\/a>\n\n\n<ul class=\"sub-menu\">\n\t<li role=\"menuitem\" id=\"menu-item-41\" class=\"menu-item menu-item-type-post_type menu-item-object-page\"><a href=\"https:\/\/mengaud.com\/fr\/gite-muscat\/\" itemprop=\"url\" tabindex=\"0\"><span class=\"avia-bullet\"><\/span><span class=\"avia-menu-text\">Le g\u00eete Muscat<\/span><\/a><\/li>\n\t<li role=\"menuitem\" id=\"menu-item-42\" class=\"menu-item menu-item-type-post_type menu-item-object-page\"><a href=\"https:\/\/mengaud.com\/fr\/gite-grenache\/\" itemprop=\"url\" tabindex=\"0\"><span class=\"avia-bullet\"><\/span><span class=\"avia-menu-text\">Le g\u00eete Grenache<\/span><\/a><\/li>\n<\/ul>\n<\/li>\n<li role=\"menuitem\" id=\"menu-item-46\" class=\"menu-item menu-item-type-post_type menu-item-object-page menu-item-top-level menu-item-top-level-3\"><a href=\"https:\/\/mengaud.com\/fr\/tarifs\/\" itemprop=\"url\" tabindex=\"0\"><span class=\"avia-bullet\"><\/span><span class=\"avia-menu-text\">Tarifs<\/span><span class=\"avia-menu-fx\"><span class=\"avia-arrow-wrap\"><span class=\"avia-arrow\"><\/span><\/span><\/span><\/a><\/li>\n<li role=\"menuitem\" id=\"menu-item-292\" class=\"menu-item menu-item-type-post_type menu-item-object-page menu-item-top-level menu-item-top-level-4\"><a href=\"https:\/\/mengaud.com\/fr\/comment-acceder\/\" itemprop=\"url\" tabindex=\"0\"><span class=\"avia-bullet\"><\/span><span class=\"avia-menu-text\">Comment acc\u00e9der<\/span><span class=\"avia-menu-fx\"><span class=\"avia-arrow-wrap\"><span class=\"avia-arrow\"><\/span><\/span><\/span><\/a><\/li>\n<li role=\"menuitem\" id=\"menu-item-638\" class=\"menu-item menu-item-type-post_type menu-item-object-page menu-item-top-level menu-item-top-level-5\"><a href=\"https:\/\/mengaud.com\/fr\/avis\/\" itemprop=\"url\" tabindex=\"0\"><span class=\"avia-bullet\"><\/span><span class=\"avia-menu-text\">Livre d\u2019or<\/span><span class=\"avia-menu-fx\"><span class=\"avia-arrow-wrap\"><span class=\"avia-arrow\"><\/span><\/span><\/span><\/a><\/li>\n<li role=\"menuitem\" id=\"menu-item-48\" class=\"menu-item menu-item-type-post_type menu-item-object-page menu-item-top-level menu-item-top-level-6\"><a href=\"https:\/\/mengaud.com\/fr\/reserver-2\/\" itemprop=\"url\" tabindex=\"0\"><span class=\"avia-bullet\"><\/span><span class=\"avia-menu-text\"><b>R\u00e9server votre s\u00e9jour<\/b><\/span><span class=\"avia-menu-fx\"><span class=\"avia-arrow-wrap\"><span class=\"avia-arrow\"><\/span><\/span><\/span><\/a><\/li>\n<li role=\"menuitem\" id=\"menu-item-49\" class=\"menu-item menu-item-type-post_type menu-item-object-page menu-item-top-level menu-item-top-level-7\"><a href=\"https:\/\/mengaud.com\/fr\/contact-2\/\" itemprop=\"url\" tabindex=\"0\"><span class=\"avia-bullet\"><\/span><span class=\"avia-menu-text\">Contact<\/span><span class=\"avia-menu-fx\"><span class=\"avia-arrow-wrap\"><span class=\"avia-arrow\"><\/span><\/span><\/span><\/a><\/li>\n<li role=\"menuitem\" id=\"menu-item-220\" class=\"menu-item menu-item-type-custom menu-item-object-custom menu-item-top-level menu-item-top-level-8\"><a href=\"http:\/\/www.mengaud.com\" itemprop=\"url\" tabindex=\"0\"><span class=\"avia-bullet\"><\/span><span class=\"avia-menu-text\">NL<\/span><span class=\"avia-menu-fx\"><span class=\"avia-arrow-wrap\"><span class=\"avia-arrow\"><\/span><\/span><\/span><\/a><\/li>\n<li role=\"menuitem\" id=\"menu-item-221\" class=\"menu-item menu-item-type-custom menu-item-object-custom menu-item-top-level menu-item-top-level-9\"><a href=\"http:\/\/www.mengaud.com\/en\" itemprop=\"url\" tabindex=\"0\"><span class=\"avia-bullet\"><\/span><span class=\"avia-menu-text\">EN<\/span><span class=\"avia-menu-fx\"><span class=\"avia-arrow-wrap\"><span class=\"avia-arrow\"><\/span><\/span><\/span><\/a><\/li>\n<li role=\"menuitem\" id=\"menu-item-222\" class=\"menu-item menu-item-type-custom menu-item-object-custom menu-item-home av-menu-button av-menu-button-bordered menu-item-top-level menu-item-top-level-10\"><a href=\"http:\/\/mengaud.com\/fr\" itemprop=\"url\" tabindex=\"0\"><span class=\"avia-bullet\"><\/span><span class=\"avia-menu-text\">FR<\/span><span class=\"avia-menu-fx\"><span class=\"avia-arrow-wrap\"><span class=\"avia-arrow\"><\/span><\/span><\/span><\/a><\/li>\n<\/ul><\/div><\/div><br \/>\n<div id='mijnsectie'  class='avia-section av-m35cq-a787bcfc09b97aa46d3521655313e32a main_color avia-section-small avia-no-border-styling  avia-builder-el-1  el_after_av_submenu  el_before_av_textblock  avia-bg-style-scroll container_wrap fullsize'  ><div class='container av-section-cont-open' ><div class='template-page content  av-content-full alpha units'><div class='post-entry post-entry-type-page post-entry-458'><div class='entry-content-wrapper clearfix'>\n\n<style type=\"text\/css\" data-created_by=\"avia_inline_auto\" id=\"style-css-av-f5j8q-2a8fc78e94ae65d01dee20d71067de8c\">\n.avia-image-container.av-f5j8q-2a8fc78e94ae65d01dee20d71067de8c img.avia_image{\nbox-shadow:none;\n}\n.avia-image-container.av-f5j8q-2a8fc78e94ae65d01dee20d71067de8c .av-image-caption-overlay-center{\ncolor:#ffffff;\n}\n<\/style>\n<div  class='avia-image-container av-f5j8q-2a8fc78e94ae65d01dee20d71067de8c av-styling-no-styling av-img-linked avia-align-center  avia-builder-el-2  avia-builder-el-no-sibling '   itemprop=\"image\" itemscope=\"itemscope\" itemtype=\"https:\/\/schema.org\/ImageObject\" ><div class=\"avia-image-container-inner\"><div class=\"avia-image-overlay-wrap\"><a href=\"https:\/\/mengaud.com\/fr\/\" class='avia_image '  aria-label='logo'><img decoding=\"async\" fetchpriority=\"high\" class='wp-image-206 avia-img-lazy-loading-not-206 avia_image ' src=\"https:\/\/mengaud.com\/fr\/wp-content\/uploads\/2015\/10\/logo.png\" alt='' title='logo'  height=\"233\" width=\"994\"  itemprop=\"thumbnailUrl\" srcset=\"https:\/\/mengaud.com\/fr\/wp-content\/uploads\/2015\/10\/logo.png 994w, https:\/\/mengaud.com\/fr\/wp-content\/uploads\/2015\/10\/logo-300x70.png 300w, https:\/\/mengaud.com\/fr\/wp-content\/uploads\/2015\/10\/logo-705x165.png 705w, https:\/\/mengaud.com\/fr\/wp-content\/uploads\/2015\/10\/logo-450x105.png 450w\" sizes=\"(max-width: 994px) 100vw, 994px\" \/><\/a><\/div><\/div><\/div>\n<\/div><\/div><\/div><!-- close content main div --><\/div><\/div><div id='after_section_1'  class='main_color av_default_container_wrap container_wrap fullsize'  ><div class='container av-section-cont-open' ><div class='template-page content  av-content-full alpha units'><div class='post-entry post-entry-type-page post-entry-458'><div class='entry-content-wrapper clearfix'><br \/>\n<section  class='av_textblock_section av-ltrfzm90-e67875f1ead041dd3e9d52513f5e5c2a '   itemscope=\"itemscope\" itemtype=\"https:\/\/schema.org\/CreativeWork\" ><div class='avia_textblock'  itemprop=\"text\" ><h1>D\u00e9claration de confidentialit\u00e9<\/h1>\n<\/div><\/section><br \/>\n<section  class='av_textblock_section av-lujoys3c-f5905483b7359282d2d3c12f68dfb2af '   itemscope=\"itemscope\" itemtype=\"https:\/\/schema.org\/CreativeWork\" ><div class='avia_textblock'  itemprop=\"text\" ><p>Sur cette page, vous trouverez la d\u00e9claration de confidentialit\u00e9 du Domaine de Mengaud (Mengaud.com).<\/p>\n<\/div><\/section><br \/>\n<section  class='av_textblock_section av-ltrfzv29-c96ad672daf95834cc29a663c8fc9759 '   itemscope=\"itemscope\" itemtype=\"https:\/\/schema.org\/CreativeWork\" ><div class='avia_textblock'  itemprop=\"text\" ><h3>1. Introduction<\/h3>\n<\/div><\/section><br \/>\n<section  class='av_textblock_section av-ltrg05c5-a6fc2092e0d83494bf06dfbe15d9c955 '   itemscope=\"itemscope\" itemtype=\"https:\/\/schema.org\/CreativeWork\" ><div class='avia_textblock'  itemprop=\"text\" ><p>Nous attachons une grande importance \u00e0 la collecte et au traitement s\u00e9curis\u00e9s, transparents et confidentiels de vos donn\u00e9es personnelles. Nous souhaitons notamment prot\u00e9ger les donn\u00e9es des clients, sous-traitants et fournisseurs, entre autres, contre la perte, les fuites, les erreurs, les acc\u00e8s non autoris\u00e9s ou les traitements ill\u00e9gaux. Nous souhaitons vous informer de la collecte et du traitement de vos donn\u00e9es personnelles au moyen du pr\u00e9sent r\u00e8glement g\u00e9n\u00e9ral sur la protection des donn\u00e9es (RGPD).<\/p>\n<p>Nous vous demandons de lire attentivement ce RGPD car il contient des informations essentielles sur la mani\u00e8re dont vos donn\u00e9es personnelles sont trait\u00e9es et dans quel but. Ce r\u00e8glement g\u00e9n\u00e9ral sur la protection des donn\u00e9es (RGPD) s&rsquo;applique \u00e0 tous les services que nous fournissons et g\u00e9n\u00e9ralement \u00e0 toutes les activit\u00e9s que nous r\u00e9alisons.<\/p>\n<p>En communiquant vos donn\u00e9es personnelles, vous d\u00e9clarez express\u00e9ment avoir pris connaissance du pr\u00e9sent RGPD et vous l&rsquo;acceptez \u00e9galement express\u00e9ment, ainsi que le traitement lui-m\u00eame.<\/p>\n<\/div><\/section><br \/>\n<section  class='av_textblock_section av-ltrg0gmc-11522c1fe418bcd45084708c45374371 '   itemscope=\"itemscope\" itemtype=\"https:\/\/schema.org\/CreativeWork\" ><div class='avia_textblock'  itemprop=\"text\" ><h3>2. Donn\u00e9es personnelles<\/h3>\n<\/div><\/section><br \/>\n<section  class='av_textblock_section av-ltrg11wx-78dedd9cd2cdc9a3441051fd67ed780a '   itemscope=\"itemscope\" itemtype=\"https:\/\/schema.org\/CreativeWork\" ><div class='avia_textblock'  itemprop=\"text\" ><p>En fonction de votre relation avec notre soci\u00e9t\u00e9, vous nous fournissez les donn\u00e9es personnelles suivantes : votre identit\u00e9 et vos coordonn\u00e9es (nom, adresse, e-mail, t\u00e9l\u00e9phone et num\u00e9ro de portable).<\/p>\n<p>Nous vous rappelons que vous \u00eates responsable de toute information que vous nous fournissez et que nous comptons sur leur exactitude. Si vos informations ne sont plus \u00e0 jour, nous vous demandons de nous en informer par retour.<\/p>\n<p>Vous n&rsquo;\u00eates pas oblig\u00e9 de fournir vos donn\u00e9es personnelles, mais vous comprenez que la fourniture de nos services devient impossible si vous ne consentez pas \u00e0 la collecte et au traitement de ces donn\u00e9es.<\/p>\n<\/div><\/section><br \/>\n<section  class='av_textblock_section av-ltrg1eom-5788c575a314548ff48361f330dd73da '   itemscope=\"itemscope\" itemtype=\"https:\/\/schema.org\/CreativeWork\" ><div class='avia_textblock'  itemprop=\"text\" ><h3>3. Informations clients<\/h3>\n<\/div><\/section><br \/>\n<section  class='av_textblock_section av-ltrg1vwf-ee17cd217a7985696b5aa89311ce41d9 '   itemscope=\"itemscope\" itemtype=\"https:\/\/schema.org\/CreativeWork\" ><div class='avia_textblock'  itemprop=\"text\" ><p>Dans le cadre de nos services et activit\u00e9s, nous collectons et traitons l\u2019identit\u00e9 et les coordonn\u00e9es de nos clients. Les finalit\u00e9s de ce traitement sont l&rsquo;ex\u00e9cution des accords avec nos clients, la gestion de la client\u00e8le et les activit\u00e9s de marketing direct telles que l&rsquo;envoi d&rsquo;informations promotionnelles ou commerciales.<\/p>\n<p>Outre les donn\u00e9es des clients, des fournisseurs\/sous-traitants et du personnel, nous traitons \u00e9galement les donn\u00e9es personnelles de tiers, telles que d&rsquo;\u00e9ventuels nouveaux clients\/prospects, etc. Les finalit\u00e9s de ces processus sont dans l&rsquo;int\u00e9r\u00eat de nos activit\u00e9s, de marketing direct et de relations publiques. La base juridique est notre int\u00e9r\u00eat l\u00e9gitime ou, dans certains cas, l&rsquo;ex\u00e9cution d&rsquo;un contrat.<\/p>\n<\/div><\/section><br \/>\n<section  class='av_textblock_section av-ltrg2dwn-fa8dd1d5ae53fe3e9f548e5e2103fdbb '   itemscope=\"itemscope\" itemtype=\"https:\/\/schema.org\/CreativeWork\" ><div class='avia_textblock'  itemprop=\"text\" ><h3>4. Dur\u00e9e du traitement<\/h3>\n<\/div><\/section><br \/>\n<section  class='av_textblock_section av-ltrg2p8j-0eface780c061a93ba65d548e1e29056 '   itemscope=\"itemscope\" itemtype=\"https:\/\/schema.org\/CreativeWork\" ><div class='avia_textblock'  itemprop=\"text\" ><p>Les donn\u00e9es personnelles sont stock\u00e9es et trait\u00e9es par nos soins pendant une p\u00e9riode n\u00e9cessaire aux finalit\u00e9s du traitement et \u00e0 la relation (contractuelle ou autre) que nous entretenons avec vous. Les donn\u00e9es des clients seront dans tous les cas supprim\u00e9es de nos syst\u00e8mes apr\u00e8s une p\u00e9riode de deux ans apr\u00e8s la r\u00e9siliation du contrat, \u00e0 l&rsquo;exception des donn\u00e9es personnelles que nous devons conserver pendant une p\u00e9riode plus longue en vertu d&rsquo;une l\u00e9gislation sp\u00e9cifique ou en cas de litige en cours pour lequel les donn\u00e9es personnelles sont toujours n\u00e9cessaires.<\/p>\n<\/div><\/section><br \/>\n<section  class='av_textblock_section av-ltrg2zgk-ce1fc687c412a8c818262ee1d89a9cc7 '   itemscope=\"itemscope\" itemtype=\"https:\/\/schema.org\/CreativeWork\" ><div class='avia_textblock'  itemprop=\"text\" ><h3>5. Droits<\/h3>\n<\/div><\/section><br \/>\n<section  class='av_textblock_section av-ltrg6s5i-a9e5a25c825ea80a3d5046d6e37ef63d '   itemscope=\"itemscope\" itemtype=\"https:\/\/schema.org\/CreativeWork\" ><div class='avia_textblock'  itemprop=\"text\" ><p>Conform\u00e9ment et dans les conditions de la l\u00e9gislation belge sur la protection de la vie priv\u00e9e et des dispositions du R\u00e8glement G\u00e9n\u00e9ral sur la Protection des Donn\u00e9es, nous vous informons que vous disposez des droits suivants :<\/p>\n<ul>\n<li>Droit d\u2019acc\u00e8s et de contr\u00f4le : vous avez le droit de consulter gratuitement les donn\u00e9es que nous d\u00e9tenons \u00e0 votre sujet et de savoir \u00e0 quoi elles sont utilis\u00e9es.<\/li>\n<li>Droit de rectification : Vous avez le droit d&rsquo;obtenir la rectification (correction) de vos donn\u00e9es personnelles inexactes, ainsi que de compl\u00e9ter les donn\u00e9es personnelles incompl\u00e8tes.<\/li>\n<li>Droit \u00e0 l&rsquo;effacement ou \u00e0 la limitation : Vous avez le droit de demander que nous supprimions vos donn\u00e9es personnelles ou que nous limitions leur traitement dans les circonstances et selon les conditions pr\u00e9vues par le R\u00e8glement G\u00e9n\u00e9ral sur la Protection des Donn\u00e9es. Nous pouvons refuser l&rsquo;effacement ou la restriction de toute donn\u00e9e personnelle qui nous est n\u00e9cessaire pour remplir une obligation l\u00e9gale, l&rsquo;ex\u00e9cution du contrat ou notre int\u00e9r\u00eat l\u00e9gitime, \u00e0 condition que ces donn\u00e9es soient n\u00e9cessaires aux fins pour lesquelles elles ont \u00e9t\u00e9 collect\u00e9es.<\/li>\n<li>Droit \u00e0 la portabilit\u00e9 des donn\u00e9es : vous avez le droit de recevoir les donn\u00e9es personnelles que vous nous avez fournies dans un format structur\u00e9 et couramment utilis\u00e9. Vous avez le droit de transf\u00e9rer ces donn\u00e9es \u00e0 un autre responsable du traitement.<\/li>\n<li>Droit d&rsquo;opposition : vous disposez du droit de vous opposer au traitement de vos donn\u00e9es personnelles pour des motifs s\u00e9rieux et l\u00e9gitimes. Veuillez toutefois noter que vous ne pouvez pas vous opposer au traitement des donn\u00e9es personnelles qui nous sont n\u00e9cessaires pour remplir une obligation l\u00e9gale, l&rsquo;ex\u00e9cution du contrat ou notre int\u00e9r\u00eat l\u00e9gitime, dans la mesure o\u00f9 ces donn\u00e9es sont n\u00e9cessaires aux fins pour lesquelles elles ont \u00e9t\u00e9 collect\u00e9s.<\/li>\n<li>Droit de retirer le consentement : Si le traitement des donn\u00e9es personnelles est bas\u00e9 sur un consentement pr\u00e9alable, vous avez le droit de retirer ce consentement. Ces donn\u00e9es personnelles ne seront alors trait\u00e9es que si nous disposons d&rsquo;une autre base juridique pour cela.<\/li>\n<li>D\u00e9cisions automatiques et profilage : Nous confirmons que le traitement des donn\u00e9es personnelles n&rsquo;inclut pas de profilage et que vous n&rsquo;\u00eates pas soumis \u00e0 des d\u00e9cisions enti\u00e8rement automatis\u00e9es.<\/li>\n<\/ul>\n<p>Nous mettons tout en \u0153uvre pour traiter vos donn\u00e9es personnelles de mani\u00e8re prudente et l\u00e9gitime conform\u00e9ment \u00e0 la r\u00e9glementation applicable. Si vous estimez n\u00e9anmoins que vos droits ont \u00e9t\u00e9 viol\u00e9s et que vos pr\u00e9occupations n&rsquo;ont pas \u00e9t\u00e9 prises en compte au sein de notre entreprise, vous \u00eates libre de d\u00e9poser une plainte aupr\u00e8s de :<\/p>\n<p><strong>Commission pour la protection de la vie priv\u00e9e<\/strong><br \/>\n35 Rue de la Presse, 1000 Bruxelles, Belgique<br \/>\nT\u00e9l. +32 2 274 48 00<br \/>\nEmail : <a href=\"mailto:commission@privacycommission.be\" target=\"_blank\" rel=\"noopener\">commission@privacycommission.be<\/a><\/p>\n<p>Vous pouvez \u00e9galement saisir un tribunal si vous estimez que cela pourrait vous causer un pr\u00e9judice du traitement de vos donn\u00e9es personnelles.<\/p>\n<\/div><\/section><br \/>\n<section  class='av_textblock_section av-ltrg7cbf-64b93a843fd4fc0bce59f15775594d55 '   itemscope=\"itemscope\" itemtype=\"https:\/\/schema.org\/CreativeWork\" ><div class='avia_textblock'  itemprop=\"text\" ><h3>6. Transfer \u00e0 des tiers<\/h3>\n<\/div><\/section><br \/>\n<section  class='av_textblock_section av-ltrg7zjf-dad0d8a5fbeb23098151df2059051151 '   itemscope=\"itemscope\" itemtype=\"https:\/\/schema.org\/CreativeWork\" ><div class='avia_textblock'  itemprop=\"text\" ><p>Certaines donn\u00e9es personnelles que nous collectons seront transmises \u00e0 des prestataires de services tiers, tels que des banques et des compagnies d&rsquo;assurance. Les employ\u00e9s, dirigeants et\/ou repr\u00e9sentants des prestataires mentionn\u00e9s ci-dessus doivent respecter le caract\u00e8re confidentiel de vos donn\u00e9es personnelles et ne peuvent utiliser ces donn\u00e9es qu&rsquo;aux fins pour lesquelles elles ont \u00e9t\u00e9 fournies. Si n\u00e9cessaire, vos donn\u00e9es personnelles peuvent \u00eatre transmises \u00e0 d&rsquo;autres tiers. Cela pourrait \u00eatre le cas, par exemple, si nous \u00e9tions totalement ou partiellement r\u00e9organis\u00e9s, si nos activit\u00e9s \u00e9taient transf\u00e9r\u00e9es ou si nous \u00e9tions d\u00e9clar\u00e9s en faillite. Il est \u00e9galement possible que des donn\u00e9es personnelles doivent \u00eatre transf\u00e9r\u00e9es en r\u00e9ponse \u00e0 une d\u00e9cision de justice ou pour respecter une certaine obligation l\u00e9gale. Dans ce cas, nous ferons des efforts raisonnables pour vous en informer \u00e0 l\u2019avance. Nous ne vendrons ni ne rendrons en aucun cas vos donn\u00e9es personnelles disponibles commercialement \u00e0 des agences de marketing direct ou \u00e0 des prestataires de services similaires, sauf avec votre consentement pr\u00e9alable.<\/p>\n<\/div><\/section><br \/>\n<section  class='av_textblock_section av-ltrg8day-3d1c8e3f3474479ccef496d5c5aaa16d '   itemscope=\"itemscope\" itemtype=\"https:\/\/schema.org\/CreativeWork\" ><div class='avia_textblock'  itemprop=\"text\" ><h3>7. Mesures techniques<\/h3>\n<\/div><\/section><br \/>\n<section  class='av_textblock_section av-ltrg8k7l-8d3c743b715cfce3abc1fe3ef675e44c '   itemscope=\"itemscope\" itemtype=\"https:\/\/schema.org\/CreativeWork\" ><div class='avia_textblock'  itemprop=\"text\" ><p>Nous prenons les mesures techniques n\u00e9cessaires pour traiter vos donn\u00e9es personnelles avec un niveau de s\u00e9curit\u00e9 ad\u00e9quat et pour les prot\u00e9ger contre la destruction, la perte, la falsification, l&rsquo;alt\u00e9ration, l&rsquo;acc\u00e8s non autoris\u00e9 ou la communication accidentelle \u00e0 des tiers, ainsi que tout autre traitement non autoris\u00e9 de ces donn\u00e9es. En aucun cas nous ne pourrons \u00eatre tenus responsables de tout dommage direct ou indirect r\u00e9sultant d\u2019une utilisation incorrecte ou illicite des donn\u00e9es personnelles par un tiers.<\/p>\n<\/div><\/section><br \/>\n<section  class='av_textblock_section av-ltrg8y0v-e1d1ca7f383b33deadedb2cca18992eb '   itemscope=\"itemscope\" itemtype=\"https:\/\/schema.org\/CreativeWork\" ><div class='avia_textblock'  itemprop=\"text\" ><h3>8. Acc\u00e8s des tiers<\/h3>\n<\/div><\/section><br \/>\n<section  class='av_textblock_section av-ltrg945f-8933fd98d4e5b68dd27de7b28f8f166f '   itemscope=\"itemscope\" itemtype=\"https:\/\/schema.org\/CreativeWork\" ><div class='avia_textblock'  itemprop=\"text\" ><p>Lors du traitement de vos donn\u00e9es personnelles, nous accordons l&rsquo;acc\u00e8s \u00e0 vos donn\u00e9es personnelles \u00e0 nos employ\u00e9s et\/ou collaborateurs. Nous garantissons un niveau similaire de protection de vos informations confidentielles.<\/p>\n<\/div><\/section><br \/>\n<section  class='av_textblock_section av-ltrg9fgi-e30ef67fdad905a6a388200c61b35ea4 '   itemscope=\"itemscope\" itemtype=\"https:\/\/schema.org\/CreativeWork\" ><div class='avia_textblock'  itemprop=\"text\" ><h3>9. Questions<\/h3>\n<\/div><\/section><br \/>\n<section  class='av_textblock_section av-ltrg9lvd-384f4b858be1e23c2d7464ea45a9bcff '   itemscope=\"itemscope\" itemtype=\"https:\/\/schema.org\/CreativeWork\" ><div class='avia_textblock'  itemprop=\"text\" ><p>Si, apr\u00e8s avoir lu le pr\u00e9sent r\u00e8glement g\u00e9n\u00e9ral sur la protection des donn\u00e9es (RGPD), vous avez d&rsquo;autres questions ou commentaires concernant la collecte et le traitement de vos donn\u00e9es personnelles, vous pouvez nous contacter via les coordonn\u00e9es indiqu\u00e9es sur ce site Internet.<\/p>\n<\/div><\/section><\/p>\n","protected":false},"excerpt":{"rendered":"","protected":false},"author":1,"featured_media":0,"parent":0,"menu_order":0,"comment_status":"closed","ping_status":"closed","template":"","meta":{"footnotes":""},"class_list":["post-458","page","type-page","status-publish","hentry"],"yoast_head":"<!-- This site is optimized with the Yoast SEO plugin v27.5 - https:\/\/yoast.com\/product\/yoast-seo-wordpress\/ -->\n<title>D\u00e9claration de confidentialit\u00e9 | G\u00eetes Languedoc | Domaine de Mengaud<\/title>\n<meta name=\"description\" content=\"Domaine de Mengaud traite vos donn\u00e9es personnelles confidentiellement. Lisez ici notre d\u00e9claration de confidentialit\u00e9 conform\u00e9ment au RGPD.\" \/>\n<meta name=\"robots\" content=\"index, follow, max-snippet:-1, max-image-preview:large, max-video-preview:-1\" \/>\n<link rel=\"canonical\" href=\"https:\/\/mengaud.com\/fr\/declaration-de-confidentialite\/\" \/>\n<meta property=\"og:locale\" content=\"fr_FR\" \/>\n<meta property=\"og:type\" content=\"article\" \/>\n<meta property=\"og:title\" content=\"D\u00e9claration de confidentialit\u00e9 | G\u00eetes Languedoc | Domaine de Mengaud\" \/>\n<meta property=\"og:description\" content=\"Domaine de Mengaud traite vos donn\u00e9es personnelles confidentiellement. Lisez ici notre d\u00e9claration de confidentialit\u00e9 conform\u00e9ment au RGPD.\" \/>\n<meta property=\"og:url\" content=\"https:\/\/mengaud.com\/fr\/declaration-de-confidentialite\/\" \/>\n<meta property=\"og:site_name\" content=\"Domaine de Mengaud\" \/>\n<meta property=\"article:modified_time\" content=\"2024-06-09T07:37:20+00:00\" \/>\n<meta name=\"twitter:card\" content=\"summary_large_image\" \/>\n<meta name=\"twitter:label1\" content=\"Dur\u00e9e de lecture estim\u00e9e\" \/>\n\t<meta name=\"twitter:data1\" content=\"9 minutes\" \/>\n<script type=\"application\/ld+json\" class=\"yoast-schema-graph\">{\"@context\":\"https:\\\/\\\/schema.org\",\"@graph\":[{\"@type\":\"WebPage\",\"@id\":\"https:\\\/\\\/mengaud.com\\\/fr\\\/declaration-de-confidentialite\\\/\",\"url\":\"https:\\\/\\\/mengaud.com\\\/fr\\\/declaration-de-confidentialite\\\/\",\"name\":\"D\u00e9claration de confidentialit\u00e9 | G\u00eetes Languedoc | Domaine de Mengaud\",\"isPartOf\":{\"@id\":\"https:\\\/\\\/mengaud.com\\\/fr\\\/#website\"},\"datePublished\":\"2024-03-14T15:23:38+00:00\",\"dateModified\":\"2024-06-09T07:37:20+00:00\",\"description\":\"Domaine de Mengaud traite vos donn\u00e9es personnelles confidentiellement. Lisez ici notre d\u00e9claration de confidentialit\u00e9 conform\u00e9ment au RGPD.\",\"breadcrumb\":{\"@id\":\"https:\\\/\\\/mengaud.com\\\/fr\\\/declaration-de-confidentialite\\\/#breadcrumb\"},\"inLanguage\":\"fr-FR\",\"potentialAction\":[{\"@type\":\"ReadAction\",\"target\":[\"https:\\\/\\\/mengaud.com\\\/fr\\\/declaration-de-confidentialite\\\/\"]}]},{\"@type\":\"BreadcrumbList\",\"@id\":\"https:\\\/\\\/mengaud.com\\\/fr\\\/declaration-de-confidentialite\\\/#breadcrumb\",\"itemListElement\":[{\"@type\":\"ListItem\",\"position\":1,\"name\":\"Home\",\"item\":\"https:\\\/\\\/mengaud.com\\\/fr\\\/\"},{\"@type\":\"ListItem\",\"position\":2,\"name\":\"D\u00e9claration de confidentialit\u00e9\"}]},{\"@type\":\"WebSite\",\"@id\":\"https:\\\/\\\/mengaud.com\\\/fr\\\/#website\",\"url\":\"https:\\\/\\\/mengaud.com\\\/fr\\\/\",\"name\":\"Domaine de Mengaud\",\"description\":\"Un s\u00e9jour inoubliable en Languedoc\",\"potentialAction\":[{\"@type\":\"SearchAction\",\"target\":{\"@type\":\"EntryPoint\",\"urlTemplate\":\"https:\\\/\\\/mengaud.com\\\/fr\\\/?s={search_term_string}\"},\"query-input\":{\"@type\":\"PropertyValueSpecification\",\"valueRequired\":true,\"valueName\":\"search_term_string\"}}],\"inLanguage\":\"fr-FR\"}]}<\/script>\n<!-- \/ Yoast SEO plugin. -->","yoast_head_json":{"title":"D\u00e9claration de confidentialit\u00e9 | G\u00eetes Languedoc | Domaine de Mengaud","description":"Domaine de Mengaud traite vos donn\u00e9es personnelles confidentiellement. Lisez ici notre d\u00e9claration de confidentialit\u00e9 conform\u00e9ment au RGPD.","robots":{"index":"index","follow":"follow","max-snippet":"max-snippet:-1","max-image-preview":"max-image-preview:large","max-video-preview":"max-video-preview:-1"},"canonical":"https:\/\/mengaud.com\/fr\/declaration-de-confidentialite\/","og_locale":"fr_FR","og_type":"article","og_title":"D\u00e9claration de confidentialit\u00e9 | G\u00eetes Languedoc | Domaine de Mengaud","og_description":"Domaine de Mengaud traite vos donn\u00e9es personnelles confidentiellement. Lisez ici notre d\u00e9claration de confidentialit\u00e9 conform\u00e9ment au RGPD.","og_url":"https:\/\/mengaud.com\/fr\/declaration-de-confidentialite\/","og_site_name":"Domaine de Mengaud","article_modified_time":"2024-06-09T07:37:20+00:00","twitter_card":"summary_large_image","twitter_misc":{"Dur\u00e9e de lecture estim\u00e9e":"9 minutes"},"schema":{"@context":"https:\/\/schema.org","@graph":[{"@type":"WebPage","@id":"https:\/\/mengaud.com\/fr\/declaration-de-confidentialite\/","url":"https:\/\/mengaud.com\/fr\/declaration-de-confidentialite\/","name":"D\u00e9claration de confidentialit\u00e9 | G\u00eetes Languedoc | Domaine de Mengaud","isPartOf":{"@id":"https:\/\/mengaud.com\/fr\/#website"},"datePublished":"2024-03-14T15:23:38+00:00","dateModified":"2024-06-09T07:37:20+00:00","description":"Domaine de Mengaud traite vos donn\u00e9es personnelles confidentiellement. Lisez ici notre d\u00e9claration de confidentialit\u00e9 conform\u00e9ment au RGPD.","breadcrumb":{"@id":"https:\/\/mengaud.com\/fr\/declaration-de-confidentialite\/#breadcrumb"},"inLanguage":"fr-FR","potentialAction":[{"@type":"ReadAction","target":["https:\/\/mengaud.com\/fr\/declaration-de-confidentialite\/"]}]},{"@type":"BreadcrumbList","@id":"https:\/\/mengaud.com\/fr\/declaration-de-confidentialite\/#breadcrumb","itemListElement":[{"@type":"ListItem","position":1,"name":"Home","item":"https:\/\/mengaud.com\/fr\/"},{"@type":"ListItem","position":2,"name":"D\u00e9claration de confidentialit\u00e9"}]},{"@type":"WebSite","@id":"https:\/\/mengaud.com\/fr\/#website","url":"https:\/\/mengaud.com\/fr\/","name":"Domaine de Mengaud","description":"Un s\u00e9jour inoubliable en Languedoc","potentialAction":[{"@type":"SearchAction","target":{"@type":"EntryPoint","urlTemplate":"https:\/\/mengaud.com\/fr\/?s={search_term_string}"},"query-input":{"@type":"PropertyValueSpecification","valueRequired":true,"valueName":"search_term_string"}}],"inLanguage":"fr-FR"}]}},"_links":{"self":[{"href":"https:\/\/mengaud.com\/fr\/wp-json\/wp\/v2\/pages\/458","targetHints":{"allow":["GET"]}}],"collection":[{"href":"https:\/\/mengaud.com\/fr\/wp-json\/wp\/v2\/pages"}],"about":[{"href":"https:\/\/mengaud.com\/fr\/wp-json\/wp\/v2\/types\/page"}],"author":[{"embeddable":true,"href":"https:\/\/mengaud.com\/fr\/wp-json\/wp\/v2\/users\/1"}],"replies":[{"embeddable":true,"href":"https:\/\/mengaud.com\/fr\/wp-json\/wp\/v2\/comments?post=458"}],"version-history":[{"count":8,"href":"https:\/\/mengaud.com\/fr\/wp-json\/wp\/v2\/pages\/458\/revisions"}],"predecessor-version":[{"id":747,"href":"https:\/\/mengaud.com\/fr\/wp-json\/wp\/v2\/pages\/458\/revisions\/747"}],"wp:attachment":[{"href":"https:\/\/mengaud.com\/fr\/wp-json\/wp\/v2\/media?parent=458"}],"curies":[{"name":"wp","href":"https:\/\/api.w.org\/{rel}","templated":true}]}}